{"id":247,"date":"2019-12-23T16:30:21","date_gmt":"2019-12-23T16:30:21","guid":{"rendered":"http:\/\/firestorm-con.de\/?page_id=247"},"modified":"2020-06-17T13:00:09","modified_gmt":"2020-06-17T13:00:09","slug":"das-kollektiv_full","status":"publish","type":"page","link":"http:\/\/firestorm-con.de\/?page_id=247","title":{"rendered":"Das Kollektiv"},"content":{"rendered":"\n<h2 class=\"wp-block-heading\"> Das Kollektiv <\/h2>\n\n\n\n<p><\/p>\n\n\n\n<h4 class=\"wp-block-heading\">Herkunft und Geschichte<\/h4>\n\n\n\n<p>Nach dem Untergang der bekannten Zivilisation, retteten sich einige Menschen des hohen Nordens auf alte Milit\u00e4r- und Forschungsschiffe, wo sie tief eingeschlossen vom n\u00f6rdlichen Eismeer die Nachwirkungen der Z\u00fcndung \u00fcberlebten. Im Laufe der Zeit schlossen sie die Schiffe zu einer gro\u00dfen metallenen Insel zusammen und bildeten unter der F\u00fchrung des Generals Grafenstein die Anf\u00e4nge des Kollektivs. Mit der Zeit wandelte sich die Monokratie in eine Polykratie, wobei vor allem das Milit\u00e4r und die Wissenschaft die Hauptzweige der Entscheidungstr\u00e4ger stellen. Fortan nannten sie ihre Gemeinschaft das Kollektiv.\u00a0<\/p>\n\n\n\n<div class=\"wp-block-image\"><figure class=\"alignright size-large is-resized\"><img fetchpriority=\"high\" decoding=\"async\" src=\"http:\/\/firestorm-con.de\/wp-content\/uploads\/2019\/12\/anthony-aird-mgJo2xmXyAM-unsplash-1024x678.jpg\" alt=\"\" class=\"wp-image-188\" width=\"484\" height=\"320\" srcset=\"http:\/\/firestorm-con.de\/wp-content\/uploads\/2019\/12\/anthony-aird-mgJo2xmXyAM-unsplash-1024x678.jpg 1024w, http:\/\/firestorm-con.de\/wp-content\/uploads\/2019\/12\/anthony-aird-mgJo2xmXyAM-unsplash-300x199.jpg 300w, http:\/\/firestorm-con.de\/wp-content\/uploads\/2019\/12\/anthony-aird-mgJo2xmXyAM-unsplash-768x509.jpg 768w, http:\/\/firestorm-con.de\/wp-content\/uploads\/2019\/12\/anthony-aird-mgJo2xmXyAM-unsplash-1536x1017.jpg 1536w, http:\/\/firestorm-con.de\/wp-content\/uploads\/2019\/12\/anthony-aird-mgJo2xmXyAM-unsplash-2048x1356.jpg 2048w\" sizes=\"(max-width: 484px) 100vw, 484px\" \/><\/figure><\/div>\n\n\n\n<p>Die meisten Mitglieder des Kollektivs leben auf der riesigen, schwimmenden Metallinsel, welche den Namen Rauha erhalten hat. Ein paar wenige Auserw\u00e4hlte leben au\u00dferhalb des schwimmenden Inselstaats auf den vorhandenen Landmassen in der N\u00e4he von Rauha und sind dort verantwortlich f\u00fcr den Abbau der sp\u00e4rlichen Ressourcen und der Bewachung der \u201cT\u00fcr\u201d.\u00a0<\/p>\n\n\n\n<p>Die \u201cT\u00fcr\u201d ist der Eingang zu einem Bunkerkomplex, der nach den alten Aufzeichnungen zufolge die Wiege des Lebens und die Rettung der gesamten Menschheit beinhalten soll. Doch leider ist das Wissen, wie diese Bunkert\u00fcr ge\u00f6ffnet werden kann,\u00a0 im Chaos nach der Z\u00fcndung verloren gegangen. Als gesichert gilt allerdings die Information, dass der \u00d6ffnungsmechanismus durch eine chemische Reaktion ausgel\u00f6st wird.<\/p>\n\n\n\n<p>Jeder Angeh\u00f6rige des Kollektivs wei\u00df um diese Bunkert\u00fcr und wie wichtig der Inhalt des Bunkers f\u00fcr das zuk\u00fcnftige \u00dcberleben ist. Ihre Forscher und Wissenschaftler sammeln daher jedes Wissen \u00fcber die T\u00fcr und den dahinter befindlichen Bunkerkomplexes und sind stets auf der Suche nach neuem Wissen dar\u00fcber. Das gesammelte Wissen wird aber vor Au\u00dfenstehenden streng geheim gehalten, da sie bef\u00fcrchten, dass dieses Wissen missbraucht werden k\u00f6nnte.<\/p>\n\n\n\n<p>Unabh\u00e4ngig davon sind die Menschen des Kollektivs generell allen Fremden gegen\u00fcber sehr misstrauisch bis sogar feindlich gesinnt. Die Aufzeichnungen des Kollektivs belegen, dass andere Nationen die Waffe z\u00fcndeten, die schlie\u00dflich so fast die vollst\u00e4ndige Vernichtung der lebenden Welt einleitete. Den Nachkommen dieser Menschen werden nur die schlechtesten Eigenschaften nachgesagt. Auch die ausgesandten Expeditionstruppen des Kollektivs kehrten nur mit negativen\u00a0 Berichten zur\u00fcck, wenn sie \u00fcberhaupt zur\u00fcckkehrten. Die allgemeine Volksmeinung ist daher, dass sich das Kollektiv nicht an Fremde und Au\u00dfenstehende ann\u00e4hern sollte.\u00a0<br><\/p>\n\n\n\n<h4 class=\"wp-block-heading\">Gesellschaftsstruktur und Lebensweise<\/h4>\n\n\n\n<p>Die Menschen des Kollektivs leben in einer sehr engen Gemeinschaft,\u00a0 die haupts\u00e4chlich auf den Zusammenhalt der eigenen Gruppe vertraut. Jeder Angeh\u00f6rige ist sich bewusst, dass er ein wichtiges und funktionierendes Rad innerhalb des Kollektivs ist. Das \u00dcberleben der Gemeinschaft und des Kollektivs steht an erster Stelle. Jeder bringt sich entsprechend seiner Neigungen und seines Talentes in die Gemeinschaft ein. Die h\u00f6chste Strafe ist ein Ausschluss aus der Gemeinschaft, die Verbannung aus dem Kollektiv. Dies ist mit einem Todesurteil gleichzusetzen.<\/p>\n\n\n\n<p>Die eigene Individualit\u00e4t wird innerhalb der gew\u00e4hlten Aufgaben und in den durchaus gro\u00dfen Familienverb\u00e4nden ausgelebt. Zur Geburt bekommen die Kinder des Kollektivs den Namen einer vor kurzem verstorbenen, geliebten Person, da sie daran Glauben, dass so diese Person in dem Kind weiterleben kann. Im Laufe des Lebens kann ein Mensch noch weitere Namen annehmen. Dabei ist es egal, ob der neu angenommene Name nur einfach gef\u00e4llt, die Verbundenheit zu einer anderen Person zeigen soll oder der Name einer verstorbenen Person ist.\u00a0<\/p>\n\n\n\n<div class=\"wp-block-image\"><figure class=\"alignleft size-large is-resized\"><img decoding=\"async\" src=\"http:\/\/firestorm-con.de\/wp-content\/uploads\/2020\/06\/103950017_140061374328715_5581275802084063088_o-1024x683.jpg\" alt=\"\" class=\"wp-image-314\" width=\"400\" height=\"266\" srcset=\"http:\/\/firestorm-con.de\/wp-content\/uploads\/2020\/06\/103950017_140061374328715_5581275802084063088_o-1024x683.jpg 1024w, http:\/\/firestorm-con.de\/wp-content\/uploads\/2020\/06\/103950017_140061374328715_5581275802084063088_o-300x200.jpg 300w, http:\/\/firestorm-con.de\/wp-content\/uploads\/2020\/06\/103950017_140061374328715_5581275802084063088_o-768x512.jpg 768w, http:\/\/firestorm-con.de\/wp-content\/uploads\/2020\/06\/103950017_140061374328715_5581275802084063088_o-1536x1024.jpg 1536w, http:\/\/firestorm-con.de\/wp-content\/uploads\/2020\/06\/103950017_140061374328715_5581275802084063088_o.jpg 2048w\" sizes=\"(max-width: 400px) 100vw, 400px\" \/><\/figure><\/div>\n\n\n\n<p>Wenn zwei Angeh\u00f6rige des Kollektivs den Namen des jeweils anderen annehmen, gehen diese Personen automatisch ein Verwandtschaftsverh\u00e4ltnis ein. So k\u00f6nnen aus Fremden Bruder und Schwester, Gro\u00dfvater und Enkel, Mutter und Tochter werden. Auch ist dies ein Ausdruck von tiefer Verbundenheit und Liebe.\u00a0Aus diesem Grund ist es durchaus \u00fcblich, dass \u00e4ltere Menschen zehn oder mehr Namen tragen. Der vollst\u00e4ndige Namen, also alle Namen, die eine Person tr\u00e4gt, wird nur zu besonderen Anl\u00e4ssen genannt. Im Alltag werden Spitznamen bei Freunden und Familie oder Abk\u00fcrzungen der Namen bei eher f\u00f6rmlichen Begegnungen verwendet (z.B. Maria Kara Max Dolly Katze Kurt abgek\u00fcrzt 2MD3K).<\/p>\n\n\n\n<p>Neben der Gemeinschaft und dem Kollektiv geh\u00f6rt die Familie zu den Lebensmittelpunkten der Menschen. F\u00fcr jedes Individuum ist es unm\u00f6glich ein Mitglied seiner Familie zu verletzten bzw. sollte jemals ein Familienmitglied durch jemand anderen verletzt werden, so muss diese Verletzung ger\u00e4cht werden. Dabei wird das Prinzip Auge um Auge, Zahn um Zahn angewandt. Nachdem der Vorfall ger\u00e4cht wurde, gilt die Angelegenheit als abgeschlossen. Langwierige Fehden entstehen nur sehr selten.<\/p>\n\n\n\n<p>Innerhalb des Kollektivs sind Mutanten sehr sehr selten. Eine Mutation im Laufe des Lebens ist quasi unm\u00f6glich und wenn, dann verl\u00e4uft sie meistens t\u00f6dlich. Sollte ein Mutant innerhalb des Kollektivs geboren werden, wird dies als Laune der Natur akzeptiert. Im allgemeinen Glauben der Bev\u00f6lkerung gelten Mutanten als Produkt von zwei verschiedenen Wesen, die sich einen K\u00f6rper teilen.\u00a0<\/p>\n\n\n\n<p>Diese geborenen Mutanten bleiben meist bis zu ihrem vierten\/f\u00fcnften Lebensjahr bei ihren Familien. Danach werden sie den Oberen des Kollektivs \u00fcberlassen, da diese sich am besten um die speziellen Bed\u00fcrfnisse der Mutantenkinder k\u00fcmmern k\u00f6nnen. Von da an verschwinden die Mutanten aus dem Leben der einfachen Angeh\u00f6rigen des Kollektivs. Ab und an kann es allerdings sein, dass ein Mutant als h\u00f6herer Angeh\u00f6riger des Kollektivs wieder in Erscheinung trifft.<\/p>\n\n\n\n<h4 class=\"wp-block-heading\">Glaube und Religion<\/h4>\n\n\n\n<p>Die Menschen des Kollektivs glauben an die Einheit aller Dinge. Jedes Wesen ist ein Teil dieser Einheit und hat seinen Platz und seine Aufgabe. Wer seinen Platz nicht kennt und seine Aufgaben nicht ausf\u00fchrt, gilt als verloren und verachtenswert. Im Glauben der Bev\u00f6lkerung gibt es keine \u00fcbergeordnete Gottheit, jeder ist gleich wichtig.\u00a0<\/p>\n\n\n\n<p>Die Kollektivangeh\u00f6rigen glauben daran, dass niemand diese Welt vollst\u00e4ndig verl\u00e4sst. Der\u00a0 Geist verharrt entweder in der Zwischenebene von Leben und Tod oder kehrt als neuer Mensch wieder zur\u00fcck. Sein Geist wird dann in einem neuen K\u00f6rper wiedergeboren.<br><\/p>\n\n\n\n<h4 class=\"wp-block-heading\">Eigenschaften<\/h4>\n\n\n\n<p>Die Menschen des Kollektivs definieren sich vor allem durch ihren engen Zusammenhalt. Auch wegen ihrer lebensfeindliche Umgebung wissen sie, dass sie nur in einer Gruppe \u00fcberleben k\u00f6nnen. Innerhalb dieser funktionierenden Gruppe sind die einzelnen Menschen dennoch starke und z\u00e4he K\u00e4mpfer, die so manche Widrigkeit \u00fcberstehen k\u00f6nnen. Auf sich alleine gestellt sind sie jedoch eher hilflos und verloren. Zum \u00dcberleben wird das Kollektiv und die Gemeinschaft ben\u00f6tigt.<br><\/p>\n\n\n\n<h4 class=\"wp-block-heading\">Aussehen<\/h4>\n\n\n\n<p>Das Leben des Kollektivs ist gepr\u00e4gt vom Kampf gegen die K\u00e4lte. Die Kleidung ist dementsprechend auf W\u00e4rme ausgerichtet. Von der Farbgebung her sind helle T\u00f6ne wie wei\u00df oder beige und blau vorherrschend. Die Farbverteilung kann\u00a0je nach Aufgabe unterschiedlich sein. So wird ein J\u00e4ger\/ Soldat eher eine helle Grundfarbe f\u00fcr seine Kleidung w\u00e4hlen, da dieser auch au\u00dferhalb der Wohnsiedlung unterwegs ist und die Kleidung in der Eisw\u00fcste  dementsprechend auch eine gewisse Tarnfunktion inne hat. Die Personen, die eher zivile Aufgaben innerhalb des Kollektivs wahrnehmen, k\u00f6nnen auch blau als Hauptfarbe w\u00e4hlen.<\/p>\n\n\n\n<p>Was alle eint, ist der rege Einsatz von Fell.<\/p>\n\n\n\n<h4 class=\"wp-block-heading\">Ideen f\u00fcr Kleidung:<\/h4>\n\n\n\n<div class=\"wp-block-image\"><figure class=\"alignright size-large is-resized\"><img decoding=\"async\" src=\"http:\/\/firestorm-con.de\/wp-content\/uploads\/2020\/06\/103953721_140062050995314_5457021603687498763_o-850x1024.jpg\" alt=\"\" class=\"wp-image-315\" width=\"320\" height=\"384\" srcset=\"http:\/\/firestorm-con.de\/wp-content\/uploads\/2020\/06\/103953721_140062050995314_5457021603687498763_o-249x300.jpg 249w, http:\/\/firestorm-con.de\/wp-content\/uploads\/2020\/06\/103953721_140062050995314_5457021603687498763_o-768x925.jpg 768w, http:\/\/firestorm-con.de\/wp-content\/uploads\/2020\/06\/103953721_140062050995314_5457021603687498763_o.jpg 1365w\" sizes=\"(max-width: 320px) 100vw, 320px\" \/><\/figure><\/div>\n\n\n\n<ul class=\"wp-block-list\"><li>Fellbesetzte Kaputze \/ M\u00fctze<\/li><li>Langer Parka \/ Mantel  <\/li><li>Wadenhohe Stiefel<\/li><li>Fellbesetzte R\u00fcstungsteile<\/li><li>Handschuhe<\/li><li>Schutzbrille (Schutz vor Schnee\/ Eis und der Helligkeit im Eis)<\/li><li>Skandinavische Muster<\/li><li>Schmuck aus Elektronik und Knochen<\/li><\/ul>\n\n\n\n<h4 class=\"wp-block-heading\">Spieler beim Kollektiv<\/h4>\n\n\n\n<p>Als Spieler seid ihr Teil einer Expedition zu der sagenumwobenen Forschungsstation im ewigen Sturm. Bei einer Explosion auf einem der Unterdecks von Rauha wurde eines der Gew\u00e4chsh\u00e4user zum Anbau von Lebensmitteln zerst\u00f6rt. Noch braucht keiner der Bewohner zu hungern, aber die Lebensmittel m\u00fcssen streng rationiert werden. Das karge Land rund um Rauha wirft auch nur wenige Ressourcen ab. Dennoch ist es wichtiger denn je die \u201eT\u00fcr\u201c zu \u00f6ffnen und den Inhalt des Bunkers sicherzustellen. Aus diesem Grund kam die Information um eine Forschungsstation gerade recht. In dieser sollen sich die ben\u00f6tigten Informationen und die Chemikalie befinden, die ben\u00f6tigt wird, um die Bunkert\u00fcr zu \u00f6ffnen.<br>So wurdet ihr als die besten eures Volkes ausgew\u00e4hlt und in die Fremde geschickt mit der Last des Schicksals des gesamten Kollektivs auf den Schultern.<\/p>\n","protected":false},"excerpt":{"rendered":"<p>Das Kollektiv Herkunft und Geschichte Nach dem Untergang der bekannten Zivilisation, retteten sich einige Menschen des hohen Nordens auf alte Milit\u00e4r- und Forschungsschiffe, wo sie tief eingeschlossen vom n\u00f6rdlichen Eismeer<\/p>\n<p class=\"more-link\"><a href=\"http:\/\/firestorm-con.de\/?page_id=247\" class=\"readmore\">Continue reading<span class=\"screen-reader-text\">Das Kollektiv<\/span><\/a><\/p>\n","protected":false},"author":1,"featured_media":0,"parent":0,"menu_order":0,"comment_status":"closed","ping_status":"closed","template":"elementor_header_footer","meta":{"footnotes":""},"class_list":["post-247","page","type-page","status-publish","hentry"],"_links":{"self":[{"href":"http:\/\/firestorm-con.de\/index.php?rest_route=\/wp\/v2\/pages\/247","targetHints":{"allow":["GET"]}}],"collection":[{"href":"http:\/\/firestorm-con.de\/index.php?rest_route=\/wp\/v2\/pages"}],"about":[{"href":"http:\/\/firestorm-con.de\/index.php?rest_route=\/wp\/v2\/types\/page"}],"author":[{"embeddable":true,"href":"http:\/\/firestorm-con.de\/index.php?rest_route=\/wp\/v2\/users\/1"}],"replies":[{"embeddable":true,"href":"http:\/\/firestorm-con.de\/index.php?rest_route=%2Fwp%2Fv2%2Fcomments&post=247"}],"version-history":[{"count":6,"href":"http:\/\/firestorm-con.de\/index.php?rest_route=\/wp\/v2\/pages\/247\/revisions"}],"predecessor-version":[{"id":316,"href":"http:\/\/firestorm-con.de\/index.php?rest_route=\/wp\/v2\/pages\/247\/revisions\/316"}],"wp:attachment":[{"href":"http:\/\/firestorm-con.de\/index.php?rest_route=%2Fwp%2Fv2%2Fmedia&parent=247"}],"curies":[{"name":"wp","href":"https:\/\/api.w.org\/{rel}","templated":true}]}}